{"id":111626,"date":"2025-09-24T19:00:20","date_gmt":"2025-09-24T17:00:20","guid":{"rendered":"https:\/\/pepelasalonline.com\/?page_id=111626"},"modified":"2025-09-24T19:05:47","modified_gmt":"2025-09-24T17:05:47","slug":"accesibilidad","status":"publish","type":"page","link":"https:\/\/pepelasalonline.com\/fr\/accesibilidad\/","title":{"rendered":"Accessibilit\u00e9"},"content":{"rendered":"\t\t<div data-elementor-type=\"wp-page\" data-elementor-id=\"111626\" class=\"elementor elementor-111626\" data-elementor-post-type=\"page\">\n\t\t\t\t<div class=\"elementor-element elementor-element-43e64bf3 e-flex e-con-boxed e-con e-parent\" data-id=\"43e64bf3\" data-element_type=\"container\">\n\t\t\t\t\t<div class=\"e-con-inner\">\n\t\t\t\t<div class=\"elementor-element elementor-element-d107a27 elementor-widget elementor-widget-heading\" data-id=\"d107a27\" data-element_type=\"widget\" data-widget_type=\"heading.default\">\n\t\t\t\t<div class=\"elementor-widget-container\">\n\t\t\t\t\t<h2 class=\"elementor-heading-title elementor-size-default\">Accesibilidad<\/h2>\t\t\t\t<\/div>\n\t\t\t\t<\/div>\n\t\t\t\t<div class=\"elementor-element elementor-element-29a2550 elementor-widget elementor-widget-html\" data-id=\"29a2550\" data-element_type=\"widget\" data-widget_type=\"html.default\">\n\t\t\t\t<div class=\"elementor-widget-container\">\n\t\t\t\t\t<div class=\"entry-content\">\n\t\n\t<p><b>https:\/\/pepelasalonline.com<\/b> web corporativa sobre la tienda online de Pepe la Sal propiedad de Pepe la Sal, S.L. con CIF B03117785 se ha comprometido a hacer accesible este sitio web, de conformidad con el Real Decreto 1112\/2018, de 7 de septiembre, sobre accesibilidad de los sitios web y aplicaciones para dispositivos m\u00f3viles del sector p\u00fablico.<\/p>\n\n<p>La presente declaraci\u00f3n de accesibilidad se aplica al sitio web https:\/\/pepelasalonline.com<\/p>\n\n \n\n<strong>SITUACI\u00d3N DE CUMPLIMIENTO<\/strong>\n\n<p>Este sitio web est\u00e1 parcialmente conforme con el RD 1112\/2018 debido a las excepciones y a la falta de conformidad de los aspectos que se indican en el siguiente punto.<\/p>\n\n \n\n<strong>CONTENIDO NO ACCESIBLE<\/strong>\n\n<p>El contenido que se recoge a continuaci\u00f3n no es accesible por lo siguiente:\n\nFalta de conformidad con el RD 1112\/2018\n\nPodr\u00edan existir algunos elementos no textuales no etiquetados correctamente [2.5.3 Etiqueta en el nombre] y [4.1.2 Nombre funci\u00f3n y valor]\n\nLos buscadores buscan autom\u00e1ticamente sin necesidad de ordenar ninguna acci\u00f3n por parte del usuario [3.2.2 Al recibir entradas]\n\nPodr\u00edan existir errores de c\u00f3digo puntuales de edici\u00f3n en alguna p\u00e1gina web. [4.1.1 Procesamiento]\n\nEl contenido no entra dentro del \u00e1mbito de la legislaci\u00f3n aplicable<\/p>\n\n \n\n<strong>PREPARACI\u00d3N DE LA SIGUIENTE DECLARACI\u00d3N DE ACCESIBILIDAD<\/strong>\n\n<p>La presente declaraci\u00f3n fue preparada el 23 de septiembre de 2025.\n\nEl m\u00e9todo empleado para preparar la declaraci\u00f3n ha sido una autoevaluaci\u00f3n llevada a cabo por la propia empresa.<\/p>\n\n \n\n<strong>OBSERVACIONES Y DATOS DE CONTACTO<\/strong>\n\n<p>Puede realizar comunicaciones sobre requisitos de accesibilidad (art\u00edculo 10.2.a del RD 1112\/2018) como por ejemplo:\n\nInformar sobre cualquier posible incumplimiento por parte de este sitio web\n\nTransmitir otras dificultades de acceso al contenido\n\nFormular cualquier otra consulta o sugerencia de mejora relativa a la accesibilidad del sitio web\n\nA trav\u00e9s del formulario de contacto de este sitio web o a trav\u00e9s del n\u00famero de tel\u00e9fono:\n\n+(34)965 747 225\n\nPuede presentar:\n\nQueja relativa al cumplimiento de los requisitos del RD 1112\/2018 o\n\nSolicitud de Informaci\u00f3n accesible relativa a:\n\nContenidos que est\u00e1n excluidos del \u00e1mbito de aplicaci\u00f3n del RD 1112\/2018 seg\u00fan lo establecido por el art\u00edculo 3, apartado 4\n\nContenidos que est\u00e1n exentos del cumplimiento de los requisitos de accesibilidad por imponer una carga desproporcionada.\n\nEn la Solicitud de informaci\u00f3n accesible, se debe concretar, con toda claridad, los hechos, razones y petici\u00f3n que permitan constatar que se trata de una solicitud razonable y leg\u00edtima.\n\nLas quejas y reclamaciones sobre informaci\u00f3n accesible se realizar\u00e1n a trav\u00e9s formulario dispuesto en esta p\u00e1gina web y ser\u00e1n recibidas y tratadas por la empresa.<\/p>\n\n \n\n<strong>PROCEDIMIENTO DE APLICACI\u00d3N<\/strong>\n\n<p>Si una vez realizada una solicitud de informaci\u00f3n accesible o queja, \u00e9sta hubiera sido desestimada, no se estuviera de acuerdo con la decisi\u00f3n adoptada, o la respuesta no cumpliera los requisitos contemplados en el art\u00edculo 12.5, la persona interesada podr\u00e1 iniciar una reclamaci\u00f3n. Igualmente se podr\u00e1 iniciar una reclamaci\u00f3n en el caso de que haya transcurrido el plazo de veinte d\u00edas h\u00e1biles sin haber obtenido respuesta.\n\nLa reclamaci\u00f3n puede ser presentada a trav\u00e9s de formulario localizado en la p\u00e1gina de contacto de nuestra web.<\/p>\n\n \n\n<strong>CONTENIDO OPCIONAL<\/strong>\n\n<p>Este portal est\u00e1 dise\u00f1ado para poder cambiar el tama\u00f1o del texto y el color, as\u00ed como el fondo de la p\u00e1gina mediante las opciones de configuraci\u00f3n est\u00e1ndar de los navegadores y\/o accediendo al icono que se muestre en todas las p\u00e1ginas de nuestra tienda online.\n\nEste es el s\u00edmbolo que, tras hacer clic sobre \u00e9l, convierte la web en m\u00e1s accesible permitiendo los siguientes cambios seg\u00fan las necesidades del usuario:\n\nCambiar el tama\u00f1o de letra del texto\n\nModificar el tama\u00f1o de todo en la pagina\n\nAnular la hoja de estilos o modificar el color del texto\n\nHacer las fuentes m\u00e1s legibles\n\nConvertir a escala de grises\n\nSubrayar los enlaces<\/p>\n\n<\/div>\t\t\t\t<\/div>\n\t\t\t\t<\/div>\n\t\t\t\t\t<\/div>\n\t\t\t\t<\/div>\n\t\t\t\t<\/div>\n\t\t","protected":false},"excerpt":{"rendered":"<p>Accesibilidad https:\/\/pepelasalonline.com web corporativa sobre la tienda online de Pepe la Sal propiedad de Pepe la Sal, S.L. con CIF B03117785 se ha comprometido a hacer accesible este sitio web, de conformidad con el Real Decreto 1112\/2018, de 7 de septiembre, sobre accesibilidad de los sitios web y aplicaciones para dispositivos m\u00f3viles del sector p\u00fablico. [&hellip;]<\/p>\n","protected":false},"author":1,"featured_media":0,"parent":0,"menu_order":0,"comment_status":"closed","ping_status":"closed","template":"","meta":{"footnotes":""},"class_list":["post-111626","page","type-page","status-publish","hentry"],"_links":{"self":[{"href":"https:\/\/pepelasalonline.com\/fr\/wp-json\/wp\/v2\/pages\/111626","targetHints":{"allow":["GET"]}}],"collection":[{"href":"https:\/\/pepelasalonline.com\/fr\/wp-json\/wp\/v2\/pages"}],"about":[{"href":"https:\/\/pepelasalonline.com\/fr\/wp-json\/wp\/v2\/types\/page"}],"author":[{"embeddable":true,"href":"https:\/\/pepelasalonline.com\/fr\/wp-json\/wp\/v2\/users\/1"}],"replies":[{"embeddable":true,"href":"https:\/\/pepelasalonline.com\/fr\/wp-json\/wp\/v2\/comments?post=111626"}],"version-history":[{"count":4,"href":"https:\/\/pepelasalonline.com\/fr\/wp-json\/wp\/v2\/pages\/111626\/revisions"}],"predecessor-version":[{"id":111630,"href":"https:\/\/pepelasalonline.com\/fr\/wp-json\/wp\/v2\/pages\/111626\/revisions\/111630"}],"wp:attachment":[{"href":"https:\/\/pepelasalonline.com\/fr\/wp-json\/wp\/v2\/media?parent=111626"}],"curies":[{"name":"wp","href":"https:\/\/api.w.org\/{rel}","templated":true}]}}